


{"id":677,"date":"2019-12-03T12:15:08","date_gmt":"2019-12-03T11:15:08","guid":{"rendered":"https:\/\/www.degro.org\/jd\/?page_id=677"},"modified":"2020-01-20T10:44:50","modified_gmt":"2020-01-20T09:44:50","slug":"chronik","status":"publish","type":"page","link":"https:\/\/www.degro.org\/jd\/chronik\/","title":{"rendered":"Chronik"},"content":{"rendered":"<div id=\"pl-677\"><style scoped>#pg-677-0 , #pg-677-1 , #pg-677-2 , #pg-677-3 , #pg-677-4 , #pl-677 .panel-grid-cell .so-panel { margin-bottom:30px } #pg-677-0 .panel-grid-cell , #pg-677-1 .panel-grid-cell , #pg-677-2 .panel-grid-cell , #pg-677-3 .panel-grid-cell , #pg-677-5 .panel-grid-cell { float:none } #pgc-677-4-0 { width:61% } #pgc-677-4-1 { width:39% } #pg-677-4 .panel-grid-cell { float:left } #pl-677 .panel-grid-cell .so-panel:last-child { margin-bottom:0px } #pg-677-0 , #pg-677-1 , #pg-677-2 , #pg-677-3 , #pg-677-4 , #pg-677-5 { margin-left:-15px;margin-right:-15px } #pg-677-0 .panel-grid-cell , #pg-677-1 .panel-grid-cell , #pg-677-2 .panel-grid-cell , #pg-677-3 .panel-grid-cell , #pg-677-4 .panel-grid-cell , #pg-677-5 .panel-grid-cell { padding-left:15px;padding-right:15px } @media (max-width:780px){ #pg-677-0 .panel-grid-cell , #pg-677-1 .panel-grid-cell , #pg-677-2 .panel-grid-cell , #pg-677-3 .panel-grid-cell , #pg-677-4 .panel-grid-cell , #pg-677-5 .panel-grid-cell { float:none;width:auto } #pgc-677-4-0 { margin-bottom:30px } #pl-677 .panel-grid , #pl-677 .panel-grid-cell {  } #pl-677 .panel-grid .panel-grid-cell-empty { display:none } #pl-677 .panel-grid .panel-grid-cell-mobile-last { margin-bottom:0px }  } <\/style><div class=\"panel-grid\" id=\"pg-677-0\" ><div class=\"panel-grid-cell\" id=\"pgc-677-0-0\" ><div class=\"so-panel widget widget_sow-editor panel-first-child panel-last-child\" id=\"panel-677-0-0-0\" data-index=\"0\"><div class=\"so-widget-sow-editor so-widget-sow-editor-base\">\n<div class=\"siteorigin-widget-tinymce textwidget\">\n\t<p>In unserer Chronik kannst du dir einen \u00dcberblick \u00fcber unsere abgeschlossenen Projekte sowie j\u00e4hrlichen Highlights verschaffen.<\/p>\n<\/div>\n<\/div><\/div><\/div><\/div><div class=\"panel-grid\" id=\"pg-677-1\" ><div class=\"panel-grid-cell\" id=\"pgc-677-1-0\" ><div class=\"so-panel widget widget_heading panel-first-child\" id=\"panel-677-1-0-0\" data-index=\"1\"><div class=\"thim-widget-heading thim-widget-heading-base\"><div class=\"sc_heading text-left\"><h3 class=\"title\">2019<\/h3><span class=\"line\"><\/span><\/div><\/div><\/div><div class=\"so-panel widget widget_button panel-last-child\" id=\"panel-677-1-0-1\" data-index=\"2\"><div class=\"thim-widget-button thim-widget-button-base\"><a class=\"widget-button very-rounded normal\" href=\"https:\/\/www.degro.org\/jd\/wp-content\/uploads\/sites\/8\/2020\/01\/Karger_Kompass.pdf\" target=\"_blank\" style=\"\" data-hover=\"\"><i class=\"fa fa-newspaper-o\" style=\"font-size: 14px;\"><\/i> Von Zukunftsgestaltung und digitalen Tools<\/a><\/div><\/div><\/div><\/div><div class=\"panel-grid\" id=\"pg-677-2\" ><div class=\"panel-grid-cell\" id=\"pgc-677-2-0\" ><div class=\"so-panel widget widget_heading panel-first-child\" id=\"panel-677-2-0-0\" data-index=\"3\"><div class=\"thim-widget-heading thim-widget-heading-base\"><div class=\"sc_heading text-left\"><h3 class=\"title\">2018<\/h3><span class=\"line\"><\/span><\/div><\/div><\/div><div class=\"so-panel widget widget_button panel-last-child\" id=\"panel-677-2-0-1\" data-index=\"4\"><div class=\"thim-widget-button thim-widget-button-base\"><a class=\"widget-button very-rounded normal\" href=\"https:\/\/www.thieme.de\/viamedici\/arzt-im-beruf-weiterbildungs-coach-fachaerzte-1571\/a\/strahlentherapie-mit-vereinten-kraeften-gegen-den-krebs-34982.htm\" target=\"_blank\" style=\"\" data-hover=\"\"><i class=\"fa fa-newspaper-o\" style=\"font-size: 14px;\"><\/i> Strahlentherapie - Mit vereinten Kr\u00e4ften gegen den Krebs<\/a><\/div><\/div><\/div><\/div><div class=\"panel-grid\" id=\"pg-677-3\" ><div class=\"panel-grid-cell\" id=\"pgc-677-3-0\" ><div class=\"so-panel widget widget_heading panel-first-child\" id=\"panel-677-3-0-0\" data-index=\"5\"><div class=\"thim-widget-heading thim-widget-heading-base\"><div class=\"sc_heading text-left\"><h3 class=\"title\">2017<\/h3><span class=\"line\"><\/span><\/div><\/div><\/div><div class=\"so-panel widget widget_sow-editor panel-last-child\" id=\"panel-677-3-0-1\" data-index=\"6\"><div class=\"so-widget-sow-editor so-widget-sow-editor-base\"><h3 class=\"widget-title\">Erste multizentrische Studie der Nachwuchsgruppe der Deutschen Gesellschaft f\u00fcr Radioonkologie (DEGRO) startet<\/h3>\n<div class=\"siteorigin-widget-tinymce textwidget\">\n\t<p>Zwei Jahre nach Gr\u00fcndung der \u201eYoung DEGRO Trial Group\u201c konnte die Nachwuchsgruppe der Deutschen Gesellschaft f\u00fcr Radioonkologie (DEGRO) einen gro\u00dfen Erfolg feiern.<\/p>\n<p>Die Nachwuchsradioonkologinnen und -onkologen der \u201ejungen DEGRO\u201c haben ein eigenst\u00e4ndiges klinisches Forschungsprojekt zum Thema \u201eTumorvolumenver\u00e4nderungen in der definitiven Radiotherapie des nicht-kleinzelligen Bronchialkarzinoms\u201c gestartet.<\/p>\n<p>Zuvor hatten die jungen Kolleginnen und Kollegen der jDEGRO im Rahmen ihres \u201eScience Calls 2016\u201c dazu aufgerufen, interessante Forschungshypothesen zu sammeln. Unter den zahlreichen eingegangenen interessanten Forschungsideen wurde eine Fragestellung ausgew\u00e4hlt, welche als erstes Gemeinschaftsprojekt der Nachwuchswissenschaftler\/-innen umgesetzt werden sollte.<\/p>\n<p>Das Projekt untersuchte die prognostische Aussagekraft des Tumorvolumens (GTV) und dessen Ver\u00e4nderungen in der definitiven Radio(chemo)therapie des lokal fortgeschrittenen nicht-kleinzelligen Bronchialkarzinoms (NSCLC).<\/p>\n<p>Das Bronchialkarzinom ist einer der h\u00e4ufigsten Tumorerkrankungen in Deutschland, welches einen komplexen therapeutischen Ansatz unter der Beteiligung vieler Fachdisziplinen verlangt. Allerdings stellen gerade fortgeschrittene Erkrankungsf\u00e4lle eine besondere Herausforderung dar, in der die Strahlentherapie eine Schl\u00fcsselrolle einnimmt. Bislang ist jedoch schwierig, Patienten, die nur ungen\u00fcgend auf die Therapie ansprechen, fr\u00fchzeitig zu erkennen. In der kurativ-intendierten Therapie des lokal fortgeschrittenen NSCLC ist neben \u00fcblichen Prognosefaktoren wie dem N-Status auch die Tumorgr\u00f6\u00dfe (T-Stadium) prognostisch relevant. Dennoch besteht keine eindeutige Kongruenz zwischen dem T-Determinator Stadium, das in erster Linie durch den eindimensionalen maximalen Tumordurchmesser und die Infiltration in umliegende Strukturen determiniert wird, und dem in der Schnittbildgebung gemessenen dreidimensionalen Tumorvolumen. Die Hypothese der Studie war daher, dass das radiologisch gemessene Tumorvolumen und dessen Ver\u00e4nderung unter Therapie m\u00f6glicherweise zus\u00e4tzliche prognostische Informationen liefern k\u00f6nnten, die \u00fcber die des T-Stadiums hinausgehen. Hinzu kommt, dass die TNM-Klassifikation prim\u00e4r chirurgisch orientiert ist, womit deren prognostische Aussagekraft dort limitiert sein k\u00f6nnte, wo die Chirurgie nicht Therapie der ersten Wahl ist. In der definitiven Radiotherapie des lokal fortgeschrittenen NSCLC ist die Datenlage bez\u00fcglich der prognostischen Bedeutung des makroskopischen Tumorvolumens (\u201eGross Tumor Volume\u201c, GTV) bis dato jedoch teilweise widerspr\u00fcchlich, insbesondere in Bezug auf Tumorvolumenver\u00e4nderungen unter Radiotherapie. Einerseits basieren die Studien gr\u00f6\u00dftenteils auf kleinen Patientenzahlen und teils \u00fcberlappenden Patientenkollektiven. Andererseits sind GTV-Definition und -Bestimmungszeitpunkte in den Studien sehr heterogen, womit in summa die eher begrenzten Studienergebnisse kaum vergleichbar sind.<\/p>\n<p>Die Fragestellung nach der prognostischen Aussagekraft des GTV und dessen Ver\u00e4nderungen w\u00e4hrend der definitiven, kurativ-intendierten Radiotherapie des NSCLC im Stadium UICC III wurde nun in einem umfangreichen multizentrischen Ansatz durch die Trial Group der AG \u201ejunge DEGRO\u201c untersucht.<\/p>\n<p>Diese Studie hat mehrere Besonderheiten:<br \/>\nZum einen handelt es sich um ein Projekt, dass durch die Nachwuchsgruppe der der DEGRO ins Leben gerufen wurde, was die gro\u00dfe und \u00fcberaus erfolgreiche Nachwuchsf\u00f6rderung der Deutschen Gesellschaft f\u00fcr Radioonkologie zeigt und das Nachwuchs-Projekt wohl einmalig in Deutschland macht.<br \/>\nZum anderen konnte die junge DEGRO durch die Nutzung des von ihr aufgebauten Netzwerkes junger Kolleginnen und Kollegen aus allen Bereichen der Strahlentherapie bereits viele Zentren f\u00fcr die Studienteilnahme gewinnen. Insgesamt sollten innerhalb von zwei Jahren retrospektive Daten von \u00fcber 700 Patienten analysiert werden, sodass diese Fragestellung auf Grundlage einer der weltweit gr\u00f6\u00dften Datenbasis bearbeitet wird.<\/p>\n<p>Zur anonymisierten Datenerfassung (elektronische \u201eCase Report Forms\u201c, eCRF) und zentralen Auswertung wurde die multi-institutionelle Datenbank f\u00fcr Strahlenforschung (\u201eRadPlanBio\u201c) genutzt.<\/p>\n<p>Der Studienbeginn war f\u00fcr das 1. Quartal 2017 angesetzt.<br \/>\nDas Projekt wurde durch die Deutsche Gesellschaft f\u00fcr Radioonkologie (DEGRO) sowie die Arbeitsgemeinschaft Radiologische Onkologie (ARO) der Deutschen Krebsgesellschaft (DKG) gef\u00f6rdert (F\u00f6rdernummer ARO-2017-01).<\/p>\n<\/div>\n<\/div><\/div><\/div><\/div><div class=\"panel-grid\" id=\"pg-677-4\" ><div class=\"panel-grid-cell\" id=\"pgc-677-4-0\" ><div class=\"so-panel widget widget_sow-editor panel-first-child panel-last-child\" id=\"panel-677-4-0-0\" data-index=\"7\"><div class=\"so-widget-sow-editor so-widget-sow-editor-base\"><h3 class=\"widget-title\">SURVEY ZUR QUALIT\u00c4T DER WEITERBILDUNG 2016\/17<\/h3>\n<div class=\"siteorigin-widget-tinymce textwidget\">\n\t<p>Die junge DEGRO bietet als AG zahlreiche M\u00f6glichkeiten zur individuellen Partizipation, unter anderem mit dem Ziel, die Weiterbildungsqualit\u00e4t zum Facharzt f\u00fcr Strahlentherapie und Radioonkologie in Deutschland zu verbessern. Um dies \u00fcberhaupt zu erm\u00f6glichen, sind wir auf das umfassende Feedback unserer \u201ePeers\u201c angewiesen.<\/p>\n<p>Bereits im letzten Jahr konnten die spannenden Ergebnisse eines nationalen Surveys zur allgemeinen Situation junger Medizinphysiker, Strahlenbiologen und Assistenz\u00e4rzte erfolgreich publiziert werden (<a href=\"http:\/\/link.springer.com\/article\/10.1007%2Fs00066-016-1003-y\">Krug et al., Strahlenther Onkol 2016<\/a>).<\/p>\n<\/div>\n<\/div><\/div><\/div><div class=\"panel-grid-cell\" id=\"pgc-677-4-1\" ><div class=\"so-panel widget widget_sow-editor panel-first-child panel-last-child\" id=\"panel-677-4-1-0\" data-index=\"8\"><div class=\"so-widget-sow-editor so-widget-sow-editor-base\">\n<div class=\"siteorigin-widget-tinymce textwidget\">\n\t<p><img loading=\"lazy\" class=\"alignnone wp-image-228 size-large\" src=\"https:\/\/www.degro.org\/jd\/wp-content\/uploads\/sites\/8\/2017\/03\/Fotolia_137544988_Subscription_Monthly_M-1024x683.jpg\" alt=\"\" width=\"640\" height=\"427\" srcset=\"https:\/\/www.degro.org\/jd\/wp-content\/uploads\/sites\/8\/2017\/03\/Fotolia_137544988_Subscription_Monthly_M-1024x683.jpg 1024w, https:\/\/www.degro.org\/jd\/wp-content\/uploads\/sites\/8\/2017\/03\/Fotolia_137544988_Subscription_Monthly_M-300x200.jpg 300w, https:\/\/www.degro.org\/jd\/wp-content\/uploads\/sites\/8\/2017\/03\/Fotolia_137544988_Subscription_Monthly_M-768x512.jpg 768w, https:\/\/www.degro.org\/jd\/wp-content\/uploads\/sites\/8\/2017\/03\/Fotolia_137544988_Subscription_Monthly_M-272x182.jpg 272w, https:\/\/www.degro.org\/jd\/wp-content\/uploads\/sites\/8\/2017\/03\/Fotolia_137544988_Subscription_Monthly_M.jpg 1688w\" sizes=\"(max-width: 640px) 100vw, 640px\" \/><\/p>\n<p>\u00a9magele-picture\/\u00a0fotolia<\/p>\n<\/div>\n<\/div><\/div><\/div><\/div><div class=\"panel-grid\" id=\"pg-677-5\" ><div class=\"panel-grid-cell\" id=\"pgc-677-5-0\" ><div class=\"so-panel widget widget_sow-editor panel-first-child panel-last-child\" id=\"panel-677-5-0-0\" data-index=\"9\"><div class=\"so-widget-sow-editor so-widget-sow-editor-base\">\n<div class=\"siteorigin-widget-tinymce textwidget\">\n\t<p>Im Juni 2016 startete dann unsere aktuelle Umfrage, welche sich gezielt an die in Weiterbildung befindlichen Assistenz\u00e4rztinnen und Assistenz\u00e4rzte richtete. Neben der Erfassung der Arbeitsbedingungen galt es auch, den individuellen Wissenstand in den Kerndisziplinen unseres Faches zu evaluieren. Bis zur Deadline im Februar 2017 haben 96 Kolleginnen und Kollegen aus der gesamten Bunderepublik teilgenommen. Hierf\u00fcr ein gro\u00dfes Dankesch\u00f6n unsererseits!<\/p>\n<p>Die Datenauswertung ist bereits abgeschlossen und es befindet sich aktuell ein Manuskript in Vorbereitung, um die Ergebnisse an geeigneter Stelle sichtbar zu pr\u00e4sentieren.<\/p>\n<p><strong>Das wichtigste Fazit des Survey vorweg: <\/strong>Die Weiterbildung im Fachgebiet Strahlentherapie ist wie gehabt in vielen Bereichen (z.B. dem Arbeitsklima oder der Dienstbelastung) eine \u00e4u\u00dferst attraktive Wahl. Deutliche <strong>83% <\/strong>der Kolleginnen und Kollegen haben angegeben, mit Ihrer Ausbildung sehr oder \u00fcberwiegend zufrieden zu sein.<\/p>\n<\/div>\n<\/div><\/div><\/div><\/div><\/div>","protected":false},"excerpt":{"rendered":"<p>#pg-677-0 , #pg-677-1 , #pg-677-2 , #pg-677-3 , #pg-677-4 , #pl-677 .panel-grid-cell .so-panel { margin-bottom:30px } #pg-677-0 .panel-grid-cell , #pg-677-1 .panel-grid-cell , #pg-677-2 .panel-grid-cell , #pg-677-3 .panel-grid-cell , #pg-677-5 .panel-grid-cell { float:none } #pgc-677-4-0 { width:61% } #pgc-677-4-1 { width:39% <\/p>\n","protected":false},"author":8,"featured_media":0,"parent":0,"menu_order":0,"comment_status":"closed","ping_status":"closed","template":"","meta":[],"_links":{"self":[{"href":"https:\/\/www.degro.org\/jd\/wp-json\/wp\/v2\/pages\/677"}],"collection":[{"href":"https:\/\/www.degro.org\/jd\/wp-json\/wp\/v2\/pages"}],"about":[{"href":"https:\/\/www.degro.org\/jd\/wp-json\/wp\/v2\/types\/page"}],"author":[{"embeddable":true,"href":"https:\/\/www.degro.org\/jd\/wp-json\/wp\/v2\/users\/8"}],"replies":[{"embeddable":true,"href":"https:\/\/www.degro.org\/jd\/wp-json\/wp\/v2\/comments?post=677"}],"version-history":[{"count":21,"href":"https:\/\/www.degro.org\/jd\/wp-json\/wp\/v2\/pages\/677\/revisions"}],"predecessor-version":[{"id":752,"href":"https:\/\/www.degro.org\/jd\/wp-json\/wp\/v2\/pages\/677\/revisions\/752"}],"wp:attachment":[{"href":"https:\/\/www.degro.org\/jd\/wp-json\/wp\/v2\/media?parent=677"}],"curies":[{"name":"wp","href":"https:\/\/api.w.org\/{rel}","templated":true}]}}